{"id":9,"date":"2023-08-04T18:18:45","date_gmt":"2023-08-04T18:18:45","guid":{"rendered":"https:\/\/laplazza-waremme.be\/?page_id=9"},"modified":"2023-08-18T09:04:59","modified_gmt":"2023-08-18T09:04:59","slug":"accueil","status":"publish","type":"page","link":"https:\/\/laplazza-waremme.be\/","title":{"rendered":"Accueil"},"content":{"rendered":"<p>[et_pb_section fb_built=\u00a0\u00bb1&Prime; disabled_on=\u00a0\u00bbon|on|off\u00a0\u00bb _builder_version=\u00a0\u00bb4.17.6&Prime; _module_preset=\u00a0\u00bbdefault\u00a0\u00bb custom_padding=\u00a0\u00bb0px||4px|||\u00a0\u00bb global_colors_info=\u00a0\u00bb{}\u00a0\u00bb][et_pb_row _builder_version=\u00a0\u00bb4.17.6&Prime; _module_preset=\u00a0\u00bbdefault\u00a0\u00bb width=\u00a0\u00bb100%\u00a0\u00bb max_width=\u00a0\u00bb1920px\u00a0\u00bb custom_padding=\u00a0\u00bb0px||2px||false|false\u00a0\u00bb global_colors_info=\u00a0\u00bb{}\u00a0\u00bb][et_pb_column type=\u00a0\u00bb4_4&Prime; _builder_version=\u00a0\u00bb4.17.6&Prime; _module_preset=\u00a0\u00bbdefault\u00a0\u00bb global_colors_info=\u00a0\u00bb{}\u00a0\u00bb][et_pb_slider _builder_version=\u00a0\u00bb4.17.6&Prime; _module_preset=\u00a0\u00bbdefault\u00a0\u00bb body_font=\u00a0\u00bbAbril Fatface||||||||\u00a0\u00bb body_font_size=\u00a0\u00bb44px\u00a0\u00bb body_line_height=\u00a0\u00bb52px\u00a0\u00bb custom_margin=\u00a0\u00bb||-2px|||\u00a0\u00bb link_option_url=\u00a0\u00bb#\u00a0\u00bb global_colors_info=\u00a0\u00bb{}\u00a0\u00bb][et_pb_slide button_text=\u00a0\u00bbCommande en ligne\u00a0\u00bb button_link=\u00a0\u00bbhttps:\/\/shop.laplazza-waremme.be\/\u00a0\u00bb url_new_window=\u00a0\u00bbon\u00a0\u00bb _builder_version=\u00a0\u00bb4.17.6&Prime; _module_preset=\u00a0\u00bbdefault\u00a0\u00bb background_enable_color=\u00a0\u00bboff\u00a0\u00bb use_background_color_gradient=\u00a0\u00bbon\u00a0\u00bb background_color_gradient_stops=\u00a0\u00bbrgba(0,0,0,0.41) 0%|rgba(0,0,0,0.76) 100%\u00a0\u00bb background_color_gradient_overlays_image=\u00a0\u00bbon\u00a0\u00bb background_image=\u00a0\u00bbhttps:\/\/laplazza-waremme.be\/wp-content\/uploads\/2023\/08\/slider-plaza-Waremme-belgique.jpg\u00a0\u00bb background_enable_image=\u00a0\u00bbon\u00a0\u00bb custom_button=\u00a0\u00bbon\u00a0\u00bb button_bg_color=\u00a0\u00bb#daa520&Prime; button_border_color=\u00a0\u00bb#daa520&Prime; button_font=\u00a0\u00bbCabin||||||||\u00a0\u00bb global_colors_info=\u00a0\u00bb{}\u00a0\u00bb sticky_transition=\u00a0\u00bbon\u00a0\u00bb]<\/p>\n<p><span>La Plazza vous propose des pizzas cuites<br \/>dans un four italien \u00e0 Waremme<\/span><\/p>\n<p>[\/et_pb_slide][et_pb_slide button_text=\u00a0\u00bbCommande en ligne\u00a0\u00bb button_link=\u00a0\u00bbhttps:\/\/shop.laplazza-waremme.be\/\u00a0\u00bb url_new_window=\u00a0\u00bbon\u00a0\u00bb _builder_version=\u00a0\u00bb4.17.6&Prime; _module_preset=\u00a0\u00bbdefault\u00a0\u00bb background_enable_color=\u00a0\u00bboff\u00a0\u00bb use_background_color_gradient=\u00a0\u00bbon\u00a0\u00bb background_color_gradient_stops=\u00a0\u00bbrgba(0,0,0,0.41) 0%|rgba(0,0,0,0.76) 100%\u00a0\u00bb background_color_gradient_overlays_image=\u00a0\u00bbon\u00a0\u00bb background_image=\u00a0\u00bbhttps:\/\/laplazza-waremme.be\/wp-content\/uploads\/2023\/08\/pates-plaza-Waremme-belgique.jpg\u00a0\u00bb background_enable_image=\u00a0\u00bbon\u00a0\u00bb custom_button=\u00a0\u00bbon\u00a0\u00bb button_bg_color=\u00a0\u00bb#daa520&Prime; button_border_color=\u00a0\u00bb#daa520&Prime; button_font=\u00a0\u00bbCabin||||||||\u00a0\u00bb global_colors_info=\u00a0\u00bb{}\u00a0\u00bb sticky_transition=\u00a0\u00bbon\u00a0\u00bb]<\/p>\n<p><span style=\"font-weight: 400;\">Une s\u00e9lection de p\u00e2tes fra\u00eeches disponibles dans votre restaurant La Plazza pr\u00e8s de Verlaine<\/span><\/p>\n<p>[\/et_pb_slide][et_pb_slide button_text=\u00a0\u00bbCommande en ligne\u00a0\u00bb button_link=\u00a0\u00bbhttps:\/\/shop.laplazza-waremme.be\/\u00a0\u00bb url_new_window=\u00a0\u00bbon\u00a0\u00bb _builder_version=\u00a0\u00bb4.17.6&Prime; _module_preset=\u00a0\u00bbdefault\u00a0\u00bb background_enable_color=\u00a0\u00bboff\u00a0\u00bb use_background_color_gradient=\u00a0\u00bbon\u00a0\u00bb background_color_gradient_stops=\u00a0\u00bbrgba(0,0,0,0.41) 0%|rgba(0,0,0,0.76) 100%\u00a0\u00bb background_color_gradient_overlays_image=\u00a0\u00bbon\u00a0\u00bb background_image=\u00a0\u00bbhttps:\/\/laplazza-waremme.be\/wp-content\/uploads\/2023\/08\/Devanture-plaza-Waremme-belgique.jpg\u00a0\u00bb background_enable_image=\u00a0\u00bbon\u00a0\u00bb custom_button=\u00a0\u00bbon\u00a0\u00bb button_bg_color=\u00a0\u00bb#daa520&Prime; button_border_color=\u00a0\u00bb#daa520&Prime; button_font=\u00a0\u00bbCabin||||||||\u00a0\u00bb global_colors_info=\u00a0\u00bb{}\u00a0\u00bb sticky_transition=\u00a0\u00bbon\u00a0\u00bb]<\/p>\n<p><span style=\"font-weight: 400;\">Commandez d\u00e8s aujourd\u2019hui vos pizzas \u00e0 emporter ou en livraison \u00e0 La Plazza, votre pizzeria \u00e0 Berloz et alentours <\/span><\/p>\n<p>[\/et_pb_slide][\/et_pb_slider][\/et_pb_column][\/et_pb_row][\/et_pb_section][et_pb_section fb_built=\u00a0\u00bb1&Prime; disabled_on=\u00a0\u00bboff|off|on\u00a0\u00bb _builder_version=\u00a0\u00bb4.17.6&Prime; _module_preset=\u00a0\u00bbdefault\u00a0\u00bb custom_padding=\u00a0\u00bb0px||4px|||\u00a0\u00bb global_colors_info=\u00a0\u00bb{}\u00a0\u00bb][et_pb_row custom_padding_last_edited=\u00a0\u00bbon|phone\u00a0\u00bb _builder_version=\u00a0\u00bb4.17.6&Prime; _module_preset=\u00a0\u00bbdefault\u00a0\u00bb width=\u00a0\u00bb100%\u00a0\u00bb max_width=\u00a0\u00bb1920px\u00a0\u00bb custom_margin=\u00a0\u00bb||||false|false\u00a0\u00bb custom_padding=\u00a0\u00bb3px||2px|||\u00a0\u00bb custom_padding_tablet=\u00a0\u00bb3px||2px|||\u00a0\u00bb custom_padding_phone=\u00a0\u00bb4px||||false|false\u00a0\u00bb global_colors_info=\u00a0\u00bb{}\u00a0\u00bb][et_pb_column type=\u00a0\u00bb4_4&Prime; _builder_version=\u00a0\u00bb4.17.6&Prime; _module_preset=\u00a0\u00bbdefault\u00a0\u00bb global_colors_info=\u00a0\u00bb{}\u00a0\u00bb][et_pb_slider _builder_version=\u00a0\u00bb4.17.6&Prime; _module_preset=\u00a0\u00bbdefault\u00a0\u00bb body_font=\u00a0\u00bbAbril Fatface||||||||\u00a0\u00bb body_font_size=\u00a0\u00bb30px\u00a0\u00bb body_line_height=\u00a0\u00bb49px\u00a0\u00bb custom_margin=\u00a0\u00bb-9px||-2px|||\u00a0\u00bb link_option_url=\u00a0\u00bb#\u00a0\u00bb global_colors_info=\u00a0\u00bb{}\u00a0\u00bb][et_pb_slide button_text=\u00a0\u00bbCommande en ligne\u00a0\u00bb button_link=\u00a0\u00bbhttps:\/\/shop.laplazza-waremme.be\/\u00a0\u00bb url_new_window=\u00a0\u00bbon\u00a0\u00bb _builder_version=\u00a0\u00bb4.17.6&Prime; _module_preset=\u00a0\u00bbdefault\u00a0\u00bb background_enable_color=\u00a0\u00bboff\u00a0\u00bb use_background_color_gradient=\u00a0\u00bbon\u00a0\u00bb background_color_gradient_stops=\u00a0\u00bbrgba(0,0,0,0.41) 0%|rgba(0,0,0,0.76) 100%\u00a0\u00bb background_color_gradient_overlays_image=\u00a0\u00bbon\u00a0\u00bb background_image=\u00a0\u00bbhttps:\/\/laplazza-waremme.be\/wp-content\/uploads\/2023\/08\/slider-plaza-Waremme-belgique.jpg\u00a0\u00bb background_enable_image=\u00a0\u00bbon\u00a0\u00bb custom_button=\u00a0\u00bbon\u00a0\u00bb button_bg_color=\u00a0\u00bb#daa520&Prime; button_border_color=\u00a0\u00bb#daa520&Prime; button_font=\u00a0\u00bbCabin||||||||\u00a0\u00bb global_colors_info=\u00a0\u00bb{}\u00a0\u00bb sticky_transition=\u00a0\u00bbon\u00a0\u00bb]<\/p>\n<p><span style=\"font-weight: 400;\">\u00a0La Plazza Waremme<br \/>Votre pizzeria de qualit\u00e9 en Wallonie<\/span><\/p>\n<p>[\/et_pb_slide][\/et_pb_slider][\/et_pb_column][\/et_pb_row][\/et_pb_section][et_pb_section fb_built=\u00a0\u00bb1&Prime; custom_padding_last_edited=\u00a0\u00bbon|phone\u00a0\u00bb admin_label=\u00a0\u00bbAbout\u00a0\u00bb _builder_version=\u00a0\u00bb4.17.6&Prime; custom_padding=\u00a0\u00bb5px||12px||false|false\u00a0\u00bb custom_padding_tablet=\u00a0\u00bb5px||12px||false|false\u00a0\u00bb custom_padding_phone=\u00a0\u00bb5px||0px||false|false\u00a0\u00bb global_colors_info=\u00a0\u00bb{}\u00a0\u00bb][et_pb_row _builder_version=\u00a0\u00bb4.17.6&Prime; _module_preset=\u00a0\u00bbdefault\u00a0\u00bb width=\u00a0\u00bb100%\u00a0\u00bb global_colors_info=\u00a0\u00bb{}\u00a0\u00bb][et_pb_column type=\u00a0\u00bb4_4&Prime; _builder_version=\u00a0\u00bb4.17.6&Prime; _module_preset=\u00a0\u00bbdefault\u00a0\u00bb global_colors_info=\u00a0\u00bb{}\u00a0\u00bb][et_pb_image src=\u00a0\u00bbhttps:\/\/laplazza-waremme.be\/wp-content\/uploads\/2023\/08\/pates-plaza-Waremme-belgique-picto-bg.jpg\u00a0\u00bb title_text=\u00a0\u00bbpates-plaza-Waremme-belgique-picto-bg\u00a0\u00bb align=\u00a0\u00bbcenter\u00a0\u00bb _builder_version=\u00a0\u00bb4.17.6&Prime; _module_preset=\u00a0\u00bbdefault\u00a0\u00bb width=\u00a0\u00bb19%\u00a0\u00bb width_tablet=\u00a0\u00bb24%\u00a0\u00bb width_phone=\u00a0\u00bb33%\u00a0\u00bb width_last_edited=\u00a0\u00bbon|phone\u00a0\u00bb custom_margin=\u00a0\u00bb||2px|||\u00a0\u00bb global_colors_info=\u00a0\u00bb{}\u00a0\u00bb][\/et_pb_image][et_pb_text _builder_version=\u00a0\u00bb4.17.6&Prime; _module_preset=\u00a0\u00bbdefault\u00a0\u00bb header_font=\u00a0\u00bbAbril Fatface||||||||\u00a0\u00bb header_text_color=\u00a0\u00bb#daa520&Prime; header_font_size=\u00a0\u00bb23px\u00a0\u00bb header_letter_spacing=\u00a0\u00bb2px\u00a0\u00bb header_2_font=\u00a0\u00bbAbril Fatface||||||||\u00a0\u00bb header_2_font_size=\u00a0\u00bb40px\u00a0\u00bb global_colors_info=\u00a0\u00bb{}\u00a0\u00bb]<\/p>\n<h1 style=\"text-align: center;\">Votre pizza cuite dans un four italien en Wallonie<\/h1>\n<h2 style=\"text-align: center;\">D\u00e9couvrez notre pizzeria La Plazza \u00e0 Waremme<\/h2>\n<p>[\/et_pb_text][\/et_pb_column][\/et_pb_row][et_pb_row column_structure=\u00a0\u00bb1_2,1_2&Prime; custom_padding_last_edited=\u00a0\u00bbon|phone\u00a0\u00bb padding_top_bottom_link_2=\u00a0\u00bbfalse\u00a0\u00bb module_class=\u00a0\u00bbmiddle\u00a0\u00bb _builder_version=\u00a0\u00bb4.17.6&Prime; custom_padding_tablet=\u00a0\u00bb\u00a0\u00bb custom_padding_phone=\u00a0\u00bb||0px||false|false\u00a0\u00bb global_colors_info=\u00a0\u00bb{}\u00a0\u00bb][et_pb_column type=\u00a0\u00bb1_2&Prime; _builder_version=\u00a0\u00bb4.16&Prime; background_size=\u00a0\u00bbinitial\u00a0\u00bb custom_padding=\u00a0\u00bb|||\u00a0\u00bb global_colors_info=\u00a0\u00bb{}\u00a0\u00bb custom_padding__hover=\u00a0\u00bb|||\u00a0\u00bb][et_pb_image src=\u00a0\u00bbhttps:\/\/laplazza-waremme.be\/wp-content\/uploads\/2023\/08\/Devanture-plaza-Waremme-belgique-pizza.jpg\u00a0\u00bb title_text=\u00a0\u00bbDevanture-plaza-Waremme-belgique-pizza\u00a0\u00bb align_tablet=\u00a0\u00bbcenter\u00a0\u00bb align_phone=\u00a0\u00bbcenter\u00a0\u00bb align_last_edited=\u00a0\u00bbon|desktop\u00a0\u00bb _builder_version=\u00a0\u00bb4.17.6&Prime; animation_style=\u00a0\u00bbslide\u00a0\u00bb animation_direction=\u00a0\u00bbleft\u00a0\u00bb animation_intensity_slide=\u00a0\u00bb2%\u00a0\u00bb border_radii=\u00a0\u00bbon|4px|4px|4px|4px\u00a0\u00bb global_colors_info=\u00a0\u00bb{}\u00a0\u00bb][\/et_pb_image][\/et_pb_column][et_pb_column type=\u00a0\u00bb1_2&Prime; _builder_version=\u00a0\u00bb4.17.6&Prime; background_image=\u00a0\u00bbhttps:\/\/laplazza-waremme.be\/wp-content\/uploads\/2023\/08\/square-bg.png\u00a0\u00bb background_size=\u00a0\u00bbinitial\u00a0\u00bb background_position=\u00a0\u00bbtop_left\u00a0\u00bb custom_padding=\u00a0\u00bb||||false|false\u00a0\u00bb custom_padding_tablet=\u00a0\u00bb|||\u00a0\u00bb custom_padding_last_edited=\u00a0\u00bboff|desktop\u00a0\u00bb global_colors_info=\u00a0\u00bb{}\u00a0\u00bb padding_tablet=\u00a0\u00bb|||\u00a0\u00bb padding_last_edited=\u00a0\u00bboff|desktop\u00a0\u00bb custom_padding__hover=\u00a0\u00bb|||\u00a0\u00bb][et_pb_text _builder_version=\u00a0\u00bb4.17.6&Prime; text_font=\u00a0\u00bb||||||||\u00a0\u00bb text_font_size=\u00a0\u00bb16px\u00a0\u00bb text_line_height=\u00a0\u00bb2em\u00a0\u00bb header_font=\u00a0\u00bbAbril Fatface||||||||\u00a0\u00bb header_text_color=\u00a0\u00bb#daa520&Prime; header_font_size=\u00a0\u00bb28px\u00a0\u00bb header_letter_spacing=\u00a0\u00bb1px\u00a0\u00bb header_line_height=\u00a0\u00bb40px\u00a0\u00bb header_2_font=\u00a0\u00bbAbril Fatface||||||||\u00a0\u00bb header_2_font_size=\u00a0\u00bb40px\u00a0\u00bb header_2_line_height=\u00a0\u00bb1.2em\u00a0\u00bb max_width=\u00a0\u00bb600px\u00a0\u00bb header_2_font_size_tablet=\u00a0\u00bb50px\u00a0\u00bb header_2_font_size_phone=\u00a0\u00bb32px\u00a0\u00bb header_2_font_size_last_edited=\u00a0\u00bbon|desktop\u00a0\u00bb locked=\u00a0\u00bboff\u00a0\u00bb global_colors_info=\u00a0\u00bb{}\u00a0\u00bb]<\/p>\n<p>La Plazza vous accueille midi et soir du mardi au dimanche, \u00e0 Waremme. Nous vous proposons une d\u00e9licieuse s\u00e9lection de pizzas pr\u00e9par\u00e9es avec soin, base tomate ou blanche. Que vous soyez un amateur de classiques ou que vous recherchiez des saveurs plus audacieuses, notre menu saura satisfaire tous les go\u00fbts.<\/p>\n<p>Nous proposons \u00e9galement un assortiment de p\u00e2tes fra\u00eeches et savoureuses ainsi que de nombreuses boissons pour accompagner vos repas. Pour les plus petits, nous proposons des pizzas taille enfant. Vous avez le choix de d\u00e9guster vos plats sur place dans une ambiance conviviale, de les emporter, ou de les faire livrer directement chez vous.<\/p>\n<p>\u00c0 La Plazza, nous mettons tout en \u0153uvre pour offrir \u00e0 nos clients une exp\u00e9rience culinaire agr\u00e9able, en mettant l&rsquo;accent sur la qualit\u00e9, la proximit\u00e9, l&rsquo;engagement et le service. Nous sommes fiers de vous proposer une s\u00e9lection vari\u00e9e de pizzas pr\u00e9par\u00e9es avec soin dans notre four italien, ainsi que des p\u00e2tes fra\u00eeches d\u00e9licieuses. Que vous choisissiez de d\u00e9guster vos plats sur place dans une ambiance conviviale, de commander et d&#8217;emporter vos pizzas et p\u00e2tes fra\u00eeches, ou de les faire livrer directement chez vous, nous nous engageons \u00e0 vous offrir un service de qualit\u00e9 irr\u00e9prochable. Notre \u00e9quipe est \u00e0 votre disposition pour r\u00e9pondre \u00e0 toutes vos questions et rendre votre exp\u00e9rience chez La Plazza m\u00e9morable. Venez nous rendre visite et d\u00e9couvrez pourquoi nous sommes la r\u00e9f\u00e9rence en mati\u00e8re de pizzas savoureuses et de repas italiens authentiques \u00e0 Waremme, en Belgique.<\/p>\n<p>[\/et_pb_text][\/et_pb_column][\/et_pb_row][\/et_pb_section][et_pb_section fb_built=\u00a0\u00bb1&Prime; admin_label=\u00a0\u00bbMenus\u00a0\u00bb _builder_version=\u00a0\u00bb4.17.6&Prime; use_background_color_gradient=\u00a0\u00bbon\u00a0\u00bb background_color_gradient_stops=\u00a0\u00bbrgba(255,255,255,0.66) 0%|rgba(255,255,255,0.23) 100%\u00a0\u00bb background_color_gradient_overlays_image=\u00a0\u00bbon\u00a0\u00bb background_image=\u00a0\u00bbhttps:\/\/laplazza-waremme.be\/wp-content\/uploads\/2023\/08\/pates-plaza-Waremme-belgique-pizza.jpg\u00a0\u00bb background_size=\u00a0\u00bbinitial\u00a0\u00bb background_position=\u00a0\u00bbbottom_center\u00a0\u00bb custom_padding=\u00a0\u00bb8px|||||\u00a0\u00bb custom_width_px=\u00a0\u00bb900px\u00a0\u00bb global_colors_info=\u00a0\u00bb{}\u00a0\u00bb][et_pb_row column_structure=\u00a0\u00bb1_2,1_2&Prime; use_custom_gutter=\u00a0\u00bbon\u00a0\u00bb gutter_width=\u00a0\u00bb2&Prime; _builder_version=\u00a0\u00bb4.17.6&Prime; custom_padding=\u00a0\u00bb52px|||||\u00a0\u00bb global_colors_info=\u00a0\u00bb{}\u00a0\u00bb][et_pb_column type=\u00a0\u00bb1_2&Prime; _builder_version=\u00a0\u00bb4.16&Prime; custom_padding=\u00a0\u00bb|||\u00a0\u00bb global_colors_info=\u00a0\u00bb{}\u00a0\u00bb custom_padding__hover=\u00a0\u00bb|||\u00a0\u00bb][et_pb_text _builder_version=\u00a0\u00bb4.17.6&Prime; text_font=\u00a0\u00bb||||||||\u00a0\u00bb ul_font=\u00a0\u00bb||||||||\u00a0\u00bb ul_line_height=\u00a0\u00bb2.2em\u00a0\u00bb header_font=\u00a0\u00bb||||||||\u00a0\u00bb header_2_font_size=\u00a0\u00bb40px\u00a0\u00bb header_2_line_height=\u00a0\u00bb50px\u00a0\u00bb header_4_font=\u00a0\u00bbAbril Fatface||||||||\u00a0\u00bb header_4_font_size=\u00a0\u00bb24px\u00a0\u00bb header_4_line_height=\u00a0\u00bb1.6em\u00a0\u00bb header_5_font=\u00a0\u00bb||||||||\u00a0\u00bb background_color=\u00a0\u00bb#ffffff\u00a0\u00bb custom_padding=\u00a0\u00bb60px|40px|60px|40px|true|true\u00a0\u00bb custom_padding_last_edited=\u00a0\u00bboff|desktop\u00a0\u00bb border_radii=\u00a0\u00bbon|4px|4px|4px|4px\u00a0\u00bb border_width_all=\u00a0\u00bb1px\u00a0\u00bb border_color_all=\u00a0\u00bb#e1e1e1&Prime; global_colors_info=\u00a0\u00bb{}\u00a0\u00bb]<\/p>\n<h2>B\u00e9n\u00e9ficiez d&rsquo;un coupon de r\u00e9duction de 5,00 euros pr\u00e8s de Berloz<\/h2>\n<p>Profitez d\u00e8s maintenant de notre offre sp\u00e9ciale ! Commandez pour un montant de 20,00 euros et b\u00e9n\u00e9ficiez d&rsquo;un coupon de r\u00e9duction de 5,00 euros sur votre prochaine commande. C&rsquo;est notre fa\u00e7on de vous remercier de votre fid\u00e9lit\u00e9 et de vous offrir toujours plus de saveurs \u00e0 prix avantageux. Ne manquez pas cette opportunit\u00e9 de d\u00e9guster nos d\u00e9licieuses pizzas, p\u00e2tes et boissons tout en \u00e9conomisant. La Plazza est votre destination pr\u00e9f\u00e9r\u00e9e pour un repas d\u00e9licieux et abordable.<\/p>\n<p>[\/et_pb_text][et_pb_text _builder_version=\u00a0\u00bb4.17.6&Prime; text_font=\u00a0\u00bb||||||||\u00a0\u00bb ul_font=\u00a0\u00bb||||||||\u00a0\u00bb ul_line_height=\u00a0\u00bb2.2em\u00a0\u00bb header_font=\u00a0\u00bb||||||||\u00a0\u00bb header_2_font_size=\u00a0\u00bb40px\u00a0\u00bb header_2_line_height=\u00a0\u00bb50px\u00a0\u00bb header_4_font=\u00a0\u00bbAbril Fatface||||||||\u00a0\u00bb header_4_font_size=\u00a0\u00bb24px\u00a0\u00bb header_4_line_height=\u00a0\u00bb1.6em\u00a0\u00bb header_5_font=\u00a0\u00bb||||||||\u00a0\u00bb background_color=\u00a0\u00bb#ffffff\u00a0\u00bb custom_padding=\u00a0\u00bb60px|40px|60px|40px|true|true\u00a0\u00bb custom_padding_last_edited=\u00a0\u00bboff|desktop\u00a0\u00bb border_radii=\u00a0\u00bbon|4px|4px|4px|4px\u00a0\u00bb border_width_all=\u00a0\u00bb1px\u00a0\u00bb border_color_all=\u00a0\u00bb#e1e1e1&Prime; locked=\u00a0\u00bboff\u00a0\u00bb global_colors_info=\u00a0\u00bb{}\u00a0\u00bb]<\/p>\n<h2>Succombez \u00e0 nos pizzas italiennes non loin de Verlaine<\/h2>\n<p>Nous mettons un point d&rsquo;honneur \u00e0 vous offrir des pizzas d&rsquo;exception. Aussi, elles sont cuites \u00e0 la perfection dans un authentique four italien, ce qui conf\u00e8re \u00e0 leur p\u00e2te sa texture croustillante et sa saveur incomparable. Pour r\u00e9pondre \u00e0 toutes les pr\u00e9f\u00e9rences alimentaires, nous proposons une vari\u00e9t\u00e9 de viandes halal et d&rsquo;options v\u00e9g\u00e9tariennes. Que vous soyez amateur de charcuterie ou que vous pr\u00e9f\u00e9riez les l\u00e9gumes frais, nous saurons confectionner pour vous la pizza id\u00e9ale. Choisissez entre une base tomate riche en saveurs ou une base blanche cr\u00e9meuse pour une exp\u00e9rience gustative unique. \u00c0 La Plazza, nous sommes fiers de vous offrir des plats de qualit\u00e9 toujours pr\u00e9par\u00e9s avec passion.<\/p>\n<p>[\/et_pb_text][\/et_pb_column][et_pb_column type=\u00a0\u00bb1_2&Prime; _builder_version=\u00a0\u00bb4.16&Prime; custom_padding=\u00a0\u00bb|||\u00a0\u00bb custom_padding_tablet=\u00a0\u00bb|||\u00a0\u00bb custom_padding_phone=\u00a0\u00bb|||0px\u00a0\u00bb custom_padding_last_edited=\u00a0\u00bbon|phone\u00a0\u00bb global_colors_info=\u00a0\u00bb{}\u00a0\u00bb padding_phone=\u00a0\u00bb|||0px\u00a0\u00bb padding_last_edited=\u00a0\u00bbon|phone\u00a0\u00bb custom_padding__hover=\u00a0\u00bb|||\u00a0\u00bb][et_pb_text _builder_version=\u00a0\u00bb4.17.6&Prime; text_font=\u00a0\u00bb||||||||\u00a0\u00bb ul_font=\u00a0\u00bb||||||||\u00a0\u00bb ul_line_height=\u00a0\u00bb2.2em\u00a0\u00bb header_font=\u00a0\u00bb||||||||\u00a0\u00bb header_3_font_size=\u00a0\u00bb30px\u00a0\u00bb header_3_line_height=\u00a0\u00bb40px\u00a0\u00bb header_4_font=\u00a0\u00bbAbril Fatface||||||||\u00a0\u00bb header_4_font_size=\u00a0\u00bb24px\u00a0\u00bb header_4_line_height=\u00a0\u00bb1.6em\u00a0\u00bb header_5_font=\u00a0\u00bb||||||||\u00a0\u00bb background_color=\u00a0\u00bb#ffffff\u00a0\u00bb custom_padding=\u00a0\u00bb60px|40px|60px|40px|true|true\u00a0\u00bb custom_padding_last_edited=\u00a0\u00bboff|desktop\u00a0\u00bb border_radii=\u00a0\u00bbon|4px|4px|4px|4px\u00a0\u00bb border_width_all=\u00a0\u00bb1px\u00a0\u00bb border_color_all=\u00a0\u00bb#e1e1e1&Prime; global_colors_info=\u00a0\u00bb{}\u00a0\u00bb]<\/p>\n<h3>Pizzas base tomate<\/h3>\n<ul>\n<li aria-level=\"1\"><span style=\"font-weight: 400;\">Margherita (tomate, mozzarella et basilic)<\/span><\/li>\n<li style=\"font-weight: 400;\" aria-level=\"1\"><span style=\"font-weight: 400;\">Chorizo (tomate, mozzarella, chorizo et olives)<\/span><\/li>\n<li style=\"font-weight: 400;\" aria-level=\"1\"><span style=\"font-weight: 400;\">Contadina (tomate, mozzarella, lardons, ch\u00e8vre et oignons)<\/span><\/li>\n<li style=\"font-weight: 400;\" aria-level=\"1\"><span style=\"font-weight: 400;\">Frenchie (tomate, mozzarella, noix, roquette, brie et miel)<\/span><\/li>\n<li style=\"font-weight: 400;\" aria-level=\"1\"><span style=\"font-weight: 400;\">Frutti di mare (tomate, mozzarella et fruits de mer saut\u00e9s \u00e0 l&rsquo;ail)<\/span><\/li>\n<li style=\"font-weight: 400;\" aria-level=\"1\"><span style=\"font-weight: 400;\">Hawa\u00ef (tomate, mozzarella, jambon et ananas)<\/span><\/li>\n<li style=\"font-weight: 400;\" aria-level=\"1\"><span style=\"font-weight: 400;\">Napolitaine (tomate, mozzarella, anchois et c\u00e2pres)<\/span><\/li>\n<li style=\"font-weight: 400;\" aria-level=\"1\"><span style=\"font-weight: 400;\">Parmigiana (tomate, mozzarella, aubergine et parmesan)<\/span><\/li>\n<li style=\"font-weight: 400;\" aria-level=\"1\"><span style=\"font-weight: 400;\">Pesto (tomate, mozzarella, pesto et poulet et olives)<\/span><\/li>\n<li style=\"font-weight: 400;\" aria-level=\"1\"><span style=\"font-weight: 400;\">Prosciutto (tomate, mozzarella et jambon)<\/span><\/li>\n<li style=\"font-weight: 400;\" aria-level=\"1\"><span style=\"font-weight: 400;\">Pepperoni (tomate, mozzarella, poivrons et oignons)<\/span><\/li>\n<li style=\"font-weight: 400;\" aria-level=\"1\"><span style=\"font-weight: 400;\">Quatro fromaggi (tomate, mozzarella, taleggio, gorgonzola et parmesan)<\/span><\/li>\n<li style=\"font-weight: 400;\" aria-level=\"1\"><span style=\"font-weight: 400;\">Quatro stagioni (tomate, mozzarella, jambon, champignons, artichauts, \u0153uf dur et olives)<\/span><\/li>\n<li style=\"font-weight: 400;\" aria-level=\"1\"><span style=\"font-weight: 400;\">Regina (tomate, mozzarella, jambon et champignons)<\/span><\/li>\n<li style=\"font-weight: 400;\" aria-level=\"1\"><span style=\"font-weight: 400;\">Rossa (tomate, mozzarella, salami, chorizo et lardons)<\/span><\/li>\n<li style=\"font-weight: 400;\" aria-level=\"1\"><span style=\"font-weight: 400;\">Veggi (tomate, mozzarella, poivrons, champignons et courgette)<\/span><\/li>\n<li style=\"font-weight: 400;\" aria-level=\"1\"><span style=\"font-weight: 400;\">Salami (tomate, mozzarella, salami doux et olives)<\/span><\/li>\n<li style=\"font-weight: 400;\" aria-level=\"1\"><span style=\"font-weight: 400;\">Solemmio (tomate, mozzarella, jambon, champignons, \u0153uf cru, oignons et olives)<\/span><\/li>\n<li style=\"font-weight: 400;\" aria-level=\"1\"><span style=\"font-weight: 400;\">Saumon (tomate, mozzarella et saumon)<\/span><\/li>\n<li style=\"font-weight: 400;\" aria-level=\"1\"><span style=\"font-weight: 400;\">Scampis (tomate, mozzarella, scampis et oignons)<\/span><\/li>\n<li style=\"font-weight: 400;\" aria-level=\"1\"><span style=\"font-weight: 400;\">Tex-Mex (tomates, mozzarella, jalape\u00f1os, kefta et oignons)<\/span><\/li>\n<\/ul>\n<p>[\/et_pb_text][\/et_pb_column][\/et_pb_row][\/et_pb_section][et_pb_section fb_built=\u00a0\u00bb1&Prime; admin_label=\u00a0\u00bbService\u00a0\u00bb _builder_version=\u00a0\u00bb4.16&Prime; custom_padding=\u00a0\u00bb||1px|||\u00a0\u00bb locked=\u00a0\u00bboff\u00a0\u00bb global_colors_info=\u00a0\u00bb{}\u00a0\u00bb][et_pb_row column_structure=\u00a0\u00bb1_2,1_2&Prime; module_class=\u00a0\u00bbmiddle\u00a0\u00bb _builder_version=\u00a0\u00bb4.17.6&Prime; custom_padding=\u00a0\u00bb0px|||||\u00a0\u00bb global_colors_info=\u00a0\u00bb{}\u00a0\u00bb][et_pb_column type=\u00a0\u00bb1_2&Prime; _builder_version=\u00a0\u00bb4.16&Prime; custom_padding=\u00a0\u00bb|||\u00a0\u00bb global_colors_info=\u00a0\u00bb{}\u00a0\u00bb custom_padding__hover=\u00a0\u00bb|||\u00a0\u00bb][et_pb_image src=\u00a0\u00bbhttps:\/\/laplazza-waremme.be\/wp-content\/uploads\/2023\/08\/pates-plaza-Waremme-belgique-pizza-blanchee.jpg\u00a0\u00bb title_text=\u00a0\u00bbpates-plaza-Waremme-belgique-pizza-blanchee\u00a0\u00bb force_fullwidth=\u00a0\u00bbon\u00a0\u00bb align_tablet=\u00a0\u00bbcenter\u00a0\u00bb align_phone=\u00a0\u00bbcenter\u00a0\u00bb align_last_edited=\u00a0\u00bbon|desktop\u00a0\u00bb _builder_version=\u00a0\u00bb4.17.6&Prime; animation_style=\u00a0\u00bbslide\u00a0\u00bb animation_direction=\u00a0\u00bbleft\u00a0\u00bb animation_intensity_slide=\u00a0\u00bb2%\u00a0\u00bb border_radii=\u00a0\u00bbon|4px|4px|4px|4px\u00a0\u00bb global_colors_info=\u00a0\u00bb{}\u00a0\u00bb][\/et_pb_image][\/et_pb_column][et_pb_column type=\u00a0\u00bb1_2&Prime; _builder_version=\u00a0\u00bb4.16&Prime; custom_padding=\u00a0\u00bb|||\u00a0\u00bb global_colors_info=\u00a0\u00bb{}\u00a0\u00bb custom_padding__hover=\u00a0\u00bb|||\u00a0\u00bb][et_pb_text _builder_version=\u00a0\u00bb4.17.6&Prime; text_font=\u00a0\u00bb||||||||\u00a0\u00bb text_font_size=\u00a0\u00bb16px\u00a0\u00bb text_line_height=\u00a0\u00bb2em\u00a0\u00bb header_font=\u00a0\u00bb||||||||\u00a0\u00bb header_3_font_size=\u00a0\u00bb35px\u00a0\u00bb header_5_font=\u00a0\u00bbAbril Fatface||||||||\u00a0\u00bb header_5_font_size=\u00a0\u00bb20px\u00a0\u00bb header_5_line_height=\u00a0\u00bb1.8em\u00a0\u00bb global_colors_info=\u00a0\u00bb{}\u00a0\u00bb]<\/p>\n<h3>Pizzas blanches<\/h3>\n<p>Bianca (ricotta di bufala, noix torr\u00e9fi\u00e9es pesto et cr\u00e8me balsamique blanche)<br \/>Ch\u00e8vre (mozzarella, fromage de ch\u00e8vre, miel et pignons)<br \/>Funghi (mozzarella, champignons et oignons)<br \/>Lorraine (cr\u00e8me, mozzarella, lardons, reblochon et oignons)<br \/>Tonno (mozzarella, thon, c\u00e2pres, oignons et olives)<\/p>\n<p>[\/et_pb_text][\/et_pb_column][\/et_pb_row][\/et_pb_section][et_pb_section fb_built=\u00a0\u00bb1&Prime; admin_label=\u00a0\u00bbCall To Action\u00a0\u00bb _builder_version=\u00a0\u00bb4.17.6&Prime; use_background_color_gradient=\u00a0\u00bbon\u00a0\u00bb background_color_gradient_stops=\u00a0\u00bb#ffffff 0%|rgba(255,255,255,0.58) 100%\u00a0\u00bb background_color_gradient_overlays_image=\u00a0\u00bbon\u00a0\u00bb background_image=\u00a0\u00bbhttps:\/\/laplazza-waremme.be\/wp-content\/uploads\/2023\/08\/pates-plaza-Waremme-belgique-bg.jpg\u00a0\u00bb background_position=\u00a0\u00bbtop_center\u00a0\u00bb custom_margin=\u00a0\u00bb|||\u00a0\u00bb custom_padding=\u00a0\u00bb0px||4.8%|||\u00a0\u00bb global_colors_info=\u00a0\u00bb{}\u00a0\u00bb][et_pb_row _builder_version=\u00a0\u00bb4.16&Prime; custom_padding=\u00a0\u00bb86px|||||\u00a0\u00bb global_colors_info=\u00a0\u00bb{}\u00a0\u00bb][et_pb_column type=\u00a0\u00bb4_4&Prime; _builder_version=\u00a0\u00bb4.16&Prime; custom_padding=\u00a0\u00bb|||\u00a0\u00bb global_colors_info=\u00a0\u00bb{}\u00a0\u00bb custom_padding__hover=\u00a0\u00bb|||\u00a0\u00bb][et_pb_text _builder_version=\u00a0\u00bb4.17.6&Prime; _module_preset=\u00a0\u00bbdefault\u00a0\u00bb header_2_text_align=\u00a0\u00bbcenter\u00a0\u00bb header_2_font_size=\u00a0\u00bb40px\u00a0\u00bb header_2_line_height=\u00a0\u00bb50px\u00a0\u00bb global_colors_info=\u00a0\u00bb{}\u00a0\u00bb]<\/p>\n<h2 style=\"text-align: center;\">Nos pizzas taille enfant !<\/h2>\n<p style=\"text-align: center;\">\u00c0 La Plazza, nous nous assurons que m\u00eame les plus jeunes gourmets se r\u00e9galent de nos d\u00e9licieuses pizzas. Nous proposons une s\u00e9lection de pizza de taille adapt\u00e9e aux enfants. Avec l&rsquo;ensemble de notre carte, vos enfants peuvent choisir parmi une vari\u00e9t\u00e9 de garnitures all\u00e9chantes, leur offrant ainsi des repas savoureux. \u00c0 un prix avantageux de seulement 6,00 \u20ac par pizza, nos portions pour enfants sont abordables et garantissent une exp\u00e9rience gustative sans compromis.<\/p>\n<p>[\/et_pb_text][et_pb_button button_url=\u00a0\u00bbhttps:\/\/shop.laplazza-waremme.be\/\u00a0\u00bb url_new_window=\u00a0\u00bbon\u00a0\u00bb button_text=\u00a0\u00bbCommande en ligne\u00a0\u00bb button_alignment=\u00a0\u00bbcenter\u00a0\u00bb _builder_version=\u00a0\u00bb4.17.6&Prime; custom_button=\u00a0\u00bbon\u00a0\u00bb button_text_size=\u00a0\u00bb16px\u00a0\u00bb button_text_color=\u00a0\u00bb#ffffff\u00a0\u00bb button_bg_color=\u00a0\u00bb#daa520&Prime; button_border_width=\u00a0\u00bb12px\u00a0\u00bb button_border_color=\u00a0\u00bb#daa520&Prime; button_border_radius=\u00a0\u00bb4px\u00a0\u00bb button_letter_spacing=\u00a0\u00bb0px\u00a0\u00bb button_font=\u00a0\u00bbCabin|700|||||||\u00a0\u00bb button_border_radius_hover=\u00a0\u00bb4px\u00a0\u00bb button_letter_spacing_hover=\u00a0\u00bb3px\u00a0\u00bb locked=\u00a0\u00bboff\u00a0\u00bb global_colors_info=\u00a0\u00bb{}\u00a0\u00bb button_text_size__hover_enabled=\u00a0\u00bboff\u00a0\u00bb button_one_text_size__hover_enabled=\u00a0\u00bboff\u00a0\u00bb button_two_text_size__hover_enabled=\u00a0\u00bboff\u00a0\u00bb button_text_color__hover_enabled=\u00a0\u00bboff\u00a0\u00bb button_one_text_color__hover_enabled=\u00a0\u00bboff\u00a0\u00bb button_two_text_color__hover_enabled=\u00a0\u00bboff\u00a0\u00bb button_border_width__hover_enabled=\u00a0\u00bboff\u00a0\u00bb button_one_border_width__hover_enabled=\u00a0\u00bboff\u00a0\u00bb button_two_border_width__hover_enabled=\u00a0\u00bboff\u00a0\u00bb button_border_color__hover_enabled=\u00a0\u00bboff\u00a0\u00bb button_one_border_color__hover_enabled=\u00a0\u00bboff\u00a0\u00bb button_two_border_color__hover_enabled=\u00a0\u00bboff\u00a0\u00bb button_border_radius__hover_enabled=\u00a0\u00bbon\u00a0\u00bb button_border_radius__hover=\u00a0\u00bb4px\u00a0\u00bb button_one_border_radius__hover_enabled=\u00a0\u00bboff\u00a0\u00bb button_two_border_radius__hover_enabled=\u00a0\u00bboff\u00a0\u00bb button_letter_spacing__hover_enabled=\u00a0\u00bbon|hover\u00a0\u00bb button_letter_spacing__hover=\u00a0\u00bb0px\u00a0\u00bb button_one_letter_spacing__hover_enabled=\u00a0\u00bboff\u00a0\u00bb button_two_letter_spacing__hover_enabled=\u00a0\u00bboff\u00a0\u00bb button_bg_color__hover_enabled=\u00a0\u00bboff\u00a0\u00bb button_one_bg_color__hover_enabled=\u00a0\u00bboff\u00a0\u00bb button_two_bg_color__hover_enabled=\u00a0\u00bboff\u00a0\u00bb][\/et_pb_button][\/et_pb_column][\/et_pb_row][\/et_pb_section][et_pb_section fb_built=\u00a0\u00bb1&Prime; admin_label=\u00a0\u00bbService\u00a0\u00bb _builder_version=\u00a0\u00bb4.16&Prime; custom_padding=\u00a0\u00bb41px||25px|||\u00a0\u00bb locked=\u00a0\u00bboff\u00a0\u00bb global_colors_info=\u00a0\u00bb{}\u00a0\u00bb][et_pb_row column_structure=\u00a0\u00bb1_2,1_2&Prime; module_class=\u00a0\u00bbmiddle reverse\u00a0\u00bb _builder_version=\u00a0\u00bb4.17.6&Prime; global_colors_info=\u00a0\u00bb{}\u00a0\u00bb][et_pb_column type=\u00a0\u00bb1_2&Prime; _builder_version=\u00a0\u00bb4.16&Prime; custom_padding=\u00a0\u00bb|||\u00a0\u00bb global_colors_info=\u00a0\u00bb{}\u00a0\u00bb custom_padding__hover=\u00a0\u00bb|||\u00a0\u00bb][et_pb_text _builder_version=\u00a0\u00bb4.17.6&Prime; text_font=\u00a0\u00bb||||||||\u00a0\u00bb text_font_size=\u00a0\u00bb16px\u00a0\u00bb text_line_height=\u00a0\u00bb2em\u00a0\u00bb header_font=\u00a0\u00bb||||||||\u00a0\u00bb header_2_font_size=\u00a0\u00bb40px\u00a0\u00bb header_2_line_height=\u00a0\u00bb50px\u00a0\u00bb header_3_font_size=\u00a0\u00bb35px\u00a0\u00bb header_5_font=\u00a0\u00bbAbril Fatface||||||||\u00a0\u00bb header_5_font_size=\u00a0\u00bb20px\u00a0\u00bb header_5_line_height=\u00a0\u00bb1.8em\u00a0\u00bb custom_margin_tablet=\u00a0\u00bb35px||||false|false\u00a0\u00bb custom_margin_phone=\u00a0\u00bb35px||||false|false\u00a0\u00bb custom_margin_last_edited=\u00a0\u00bbon|phone\u00a0\u00bb global_colors_info=\u00a0\u00bb{}\u00a0\u00bb]<\/p>\n<h2>Go\u00fbtez nos p\u00e2tes fra\u00eeches<\/h2>\n<p>Un choix exquis de p\u00e2tes fra\u00eeches comblera vos papilles. Notre menu comprend une vari\u00e9t\u00e9 de plats savoureux. Savourez des p\u00e2tes aux scampis, au fromage fondu, au pesto ou encore \u00e0 la tomate, que vous soyez amateur de fruits de mer, adepte du fromage ou passionn\u00e9 de saveurs m\u00e9diterran\u00e9ennes, vous trouverez votre bonheur \u00e0 La Plazza. Nos p\u00e2tes fra\u00eeches, recettes classiques ou nouvelles combinaisons originales, sont toutes cuisin\u00e9es avec les meilleurs ingr\u00e9dients pour vous offrir une exp\u00e9rience culinaire authentique.<\/p>\n<p>[\/et_pb_text][\/et_pb_column][et_pb_column type=\u00a0\u00bb1_2&Prime; _builder_version=\u00a0\u00bb4.16&Prime; custom_padding=\u00a0\u00bb|||\u00a0\u00bb global_colors_info=\u00a0\u00bb{}\u00a0\u00bb custom_padding__hover=\u00a0\u00bb|||\u00a0\u00bb][et_pb_image src=\u00a0\u00bbhttps:\/\/laplazza-waremme.be\/wp-content\/uploads\/2023\/08\/pates-plaza-Waremme-belgique-pizza-warm.jpg\u00a0\u00bb title_text=\u00a0\u00bbpates-plaza-Waremme-belgique-pizza-warm\u00a0\u00bb force_fullwidth=\u00a0\u00bbon\u00a0\u00bb align_tablet=\u00a0\u00bbcenter\u00a0\u00bb align_phone=\u00a0\u00bbcenter\u00a0\u00bb align_last_edited=\u00a0\u00bbon|desktop\u00a0\u00bb _builder_version=\u00a0\u00bb4.17.6&Prime; animation_style=\u00a0\u00bbslide\u00a0\u00bb animation_direction=\u00a0\u00bbleft\u00a0\u00bb animation_intensity_slide=\u00a0\u00bb2%\u00a0\u00bb border_radii=\u00a0\u00bbon|4px|4px|4px|4px\u00a0\u00bb global_colors_info=\u00a0\u00bb{}\u00a0\u00bb][\/et_pb_image][\/et_pb_column][\/et_pb_row][\/et_pb_section][et_pb_section fb_built=\u00a0\u00bb1&Prime; _builder_version=\u00a0\u00bb4.17.6&Prime; _module_preset=\u00a0\u00bbdefault\u00a0\u00bb use_background_color_gradient=\u00a0\u00bbon\u00a0\u00bb background_color_gradient_stops=\u00a0\u00bbrgba(255,255,255,0.63) 0%|rgba(255,255,255,0.24) 100%\u00a0\u00bb background_color_gradient_overlays_image=\u00a0\u00bbon\u00a0\u00bb background_image=\u00a0\u00bbhttps:\/\/laplazza-waremme.be\/wp-content\/uploads\/2023\/08\/pates-plaza-Waremme-belgique-background.jpg\u00a0\u00bb custom_padding=\u00a0\u00bb5px||2px|||\u00a0\u00bb global_colors_info=\u00a0\u00bb{}\u00a0\u00bb][et_pb_row column_structure=\u00a0\u00bb1_2,1_2&Prime; custom_padding_last_edited=\u00a0\u00bbon|phone\u00a0\u00bb _builder_version=\u00a0\u00bb4.17.6&Prime; _module_preset=\u00a0\u00bbdefault\u00a0\u00bb custom_padding=\u00a0\u00bb50px||61px|||\u00a0\u00bb custom_padding_tablet=\u00a0\u00bb3px||61px|||\u00a0\u00bb custom_padding_phone=\u00a0\u00bb0px||61px||false|false\u00a0\u00bb global_colors_info=\u00a0\u00bb{}\u00a0\u00bb][et_pb_column type=\u00a0\u00bb1_2&Prime; _builder_version=\u00a0\u00bb4.17.6&Prime; _module_preset=\u00a0\u00bbdefault\u00a0\u00bb global_colors_info=\u00a0\u00bb{}\u00a0\u00bb][\/et_pb_column][et_pb_column type=\u00a0\u00bb1_2&Prime; _builder_version=\u00a0\u00bb4.17.6&Prime; _module_preset=\u00a0\u00bbdefault\u00a0\u00bb background_color=\u00a0\u00bb#FFFFFF\u00a0\u00bb custom_padding=\u00a0\u00bb40px|40px|40px|40px|true|true\u00a0\u00bb global_colors_info=\u00a0\u00bb{}\u00a0\u00bb][et_pb_text _builder_version=\u00a0\u00bb4.17.6&Prime; _module_preset=\u00a0\u00bbdefault\u00a0\u00bb header_3_font_size=\u00a0\u00bb40px\u00a0\u00bb global_colors_info=\u00a0\u00bb{}\u00a0\u00bb]<\/p>\n<h3>P\u00e2tes<\/h3>\n<ul>\n<li style=\"font-weight: 400;\" aria-level=\"1\"><span style=\"font-weight: 400;\">Quattro fromaggi (cr\u00e8me et assortiment de quatre fromages)<\/span><\/li>\n<li style=\"font-weight: 400;\" aria-level=\"1\"><span style=\"font-weight: 400;\">Penne arrabiata (sauce tomate piquante)<\/span><\/li>\n<li style=\"font-weight: 400;\" aria-level=\"1\"><span style=\"font-weight: 400;\">Linguini carbonara (cr\u00e8me, lardons, \u0153uf et pecorino)<\/span><\/li>\n<li style=\"font-weight: 400;\" aria-level=\"1\"><span style=\"font-weight: 400;\">Spaghetti scampis (tomate, scampis et ail)<\/span><\/li>\n<li style=\"font-weight: 400;\" aria-level=\"1\"><span style=\"font-weight: 400;\">Mafaldine citron (cr\u00e8me au citron et aneth)<\/span><\/li>\n<li style=\"font-weight: 400;\" aria-level=\"1\"><span style=\"font-weight: 400;\">Tagliatelles al marseillaise (scampis saut\u00e9s au pastis, cr\u00e8me au safran et aneth)<\/span><\/li>\n<li style=\"font-weight: 400;\" aria-level=\"1\"><span style=\"font-weight: 400;\">Spaghetti frutti di mare (sauce tomate et fruits de mer saut\u00e9s \u00e0 l&rsquo;ail)<\/span><\/li>\n<li style=\"font-weight: 400;\" aria-level=\"1\"><span style=\"font-weight: 400;\">Mafaldine al pesto (pesto et ail)<\/span><\/li>\n<li style=\"font-weight: 400;\" aria-level=\"1\"><span style=\"font-weight: 400;\">Penne prosciutto (cr\u00e8me, jambon et champignons)<\/span><\/li>\n<li style=\"font-weight: 400;\" aria-level=\"1\"><span style=\"font-weight: 400;\">Ravioli tartufo (cr\u00e8me et ravioles farcies \u00e0 la truffe)<\/span><\/li>\n<li style=\"font-weight: 400;\" aria-level=\"1\"><span style=\"font-weight: 400;\">Ravioli burrata (raviolis farcis \u00e0 la burrata, cr\u00e8me et noisettes grill\u00e9es)<\/span><\/li>\n<\/ul>\n<p>[\/et_pb_text][\/et_pb_column][\/et_pb_row][\/et_pb_section][et_pb_section fb_built=\u00a0\u00bb1&Prime; custom_padding_last_edited=\u00a0\u00bbon|desktop\u00a0\u00bb admin_label=\u00a0\u00bbServices\u00a0\u00bb _builder_version=\u00a0\u00bb4.17.6&Prime; background_color=\u00a0\u00bb#ffffff\u00a0\u00bb use_background_color_gradient=\u00a0\u00bbon\u00a0\u00bb background_color_gradient_stops=\u00a0\u00bbrgba(249,249,251,0) 10%|#f9f9fb 10%\u00a0\u00bb background_color_gradient_start=\u00a0\u00bbrgba(249,249,251,0)\u00a0\u00bb background_color_gradient_start_position=\u00a0\u00bb10%\u00a0\u00bb background_color_gradient_end=\u00a0\u00bb#f9f9fb\u00a0\u00bb background_color_gradient_end_position=\u00a0\u00bb10%\u00a0\u00bb background_enable_image=\u00a0\u00bboff\u00a0\u00bb background_size=\u00a0\u00bbinitial\u00a0\u00bb background_position=\u00a0\u00bbtop_center\u00a0\u00bb custom_padding=\u00a0\u00bb8px||0px|||\u00a0\u00bb custom_padding_tablet=\u00a0\u00bb6%|||\u00a0\u00bb custom_padding_phone=\u00a0\u00bb\u00a0\u00bb locked=\u00a0\u00bboff\u00a0\u00bb global_colors_info=\u00a0\u00bb{}\u00a0\u00bb][et_pb_row column_structure=\u00a0\u00bb1_2,1_2&Prime; custom_padding_last_edited=\u00a0\u00bbon|phone\u00a0\u00bb module_class=\u00a0\u00bbmiddle\u00a0\u00bb _builder_version=\u00a0\u00bb4.17.6&Prime; custom_padding=\u00a0\u00bb61px|||||\u00a0\u00bb custom_padding_tablet=\u00a0\u00bb37px||||false|false\u00a0\u00bb custom_padding_phone=\u00a0\u00bb35px||||false|false\u00a0\u00bb global_colors_info=\u00a0\u00bb{}\u00a0\u00bb][et_pb_column type=\u00a0\u00bb1_2&Prime; _builder_version=\u00a0\u00bb4.16&Prime; custom_padding=\u00a0\u00bb|||\u00a0\u00bb global_colors_info=\u00a0\u00bb{}\u00a0\u00bb custom_padding__hover=\u00a0\u00bb|||\u00a0\u00bb][et_pb_image src=\u00a0\u00bbhttps:\/\/laplazza-waremme.be\/wp-content\/uploads\/2023\/08\/pates-plaza-Waremme-belgique-boissons.jpg\u00a0\u00bb title_text=\u00a0\u00bbpates-plaza-Waremme-belgique-boissons\u00a0\u00bb force_fullwidth=\u00a0\u00bbon\u00a0\u00bb align_tablet=\u00a0\u00bbcenter\u00a0\u00bb align_phone=\u00a0\u00bbcenter\u00a0\u00bb align_last_edited=\u00a0\u00bbon|desktop\u00a0\u00bb _builder_version=\u00a0\u00bb4.17.6&Prime; animation_style=\u00a0\u00bbslide\u00a0\u00bb animation_direction=\u00a0\u00bbleft\u00a0\u00bb animation_intensity_slide=\u00a0\u00bb2%\u00a0\u00bb border_radii=\u00a0\u00bbon|4px|4px|4px|4px\u00a0\u00bb global_colors_info=\u00a0\u00bb{}\u00a0\u00bb][\/et_pb_image][\/et_pb_column][et_pb_column type=\u00a0\u00bb1_2&Prime; _builder_version=\u00a0\u00bb4.16&Prime; custom_padding=\u00a0\u00bb|||\u00a0\u00bb global_colors_info=\u00a0\u00bb{}\u00a0\u00bb custom_padding__hover=\u00a0\u00bb|||\u00a0\u00bb][et_pb_text _builder_version=\u00a0\u00bb4.17.6&Prime; text_font=\u00a0\u00bb||||||||\u00a0\u00bb text_font_size=\u00a0\u00bb16px\u00a0\u00bb text_line_height=\u00a0\u00bb2em\u00a0\u00bb header_font=\u00a0\u00bb||||||||\u00a0\u00bb header_2_font_size=\u00a0\u00bb40px\u00a0\u00bb header_2_line_height=\u00a0\u00bb50px\u00a0\u00bb header_3_font_size=\u00a0\u00bb26px\u00a0\u00bb header_5_font=\u00a0\u00bbAbril Fatface||||||||\u00a0\u00bb header_5_font_size=\u00a0\u00bb20px\u00a0\u00bb header_5_line_height=\u00a0\u00bb1.8em\u00a0\u00bb global_colors_info=\u00a0\u00bb{}\u00a0\u00bb]<\/p>\n<h2 style=\"text-align: left;\">Nos boissons et vins<\/h2>\n<p style=\"text-align: left;\">Pour agr\u00e9menter votre repas d&rsquo;une note \u00e9l\u00e9gante, choisissez un vin blanc ou rouge de qualit\u00e9. Nous proposons \u00e9galement des sodas populaires tels que Fanta, Sprite et Ice Tea, pour vous rafra\u00eechir tout en d\u00e9gustant nos d\u00e9licieuses pizzas ou p\u00e2tes. \u00c0 La Plazza, nous savons qu\u2019une bonne boisson fait partie int\u00e9grante d&rsquo;une exp\u00e9rience culinaire r\u00e9ussie.<\/p>\n<h3>Boissons<\/h3>\n<ul>\n<li>Fanta<\/li>\n<li>Sprite<\/li>\n<li>Ice Tea<\/li>\n<li>San Pellegrino orange<\/li>\n<li>San Benedetto (p\u00eache, citron ou cactus)<\/li>\n<\/ul>\n<h3>Vins<\/h3>\n<ul>\n<li>Rouge<br \/>Blanc<\/li>\n<\/ul>\n<p>[\/et_pb_text][\/et_pb_column][\/et_pb_row][\/et_pb_section][et_pb_section fb_built=\u00a0\u00bb1&Prime; custom_padding_last_edited=\u00a0\u00bboff|desktop\u00a0\u00bb admin_label=\u00a0\u00bbCall To Action\u00a0\u00bb module_id=\u00a0\u00bbcontact\u00a0\u00bb _builder_version=\u00a0\u00bb4.17.6&Prime; use_background_color_gradient=\u00a0\u00bbon\u00a0\u00bb background_color_gradient_stops=\u00a0\u00bb#ffffff 0%|rgba(255,255,255,0.58) 100%\u00a0\u00bb background_color_gradient_overlays_image=\u00a0\u00bbon\u00a0\u00bb background_image=\u00a0\u00bbhttps:\/\/laplazza-waremme.be\/wp-content\/uploads\/2023\/08\/pates-plaza-Waremme-belgique-background-bg.jpg\u00a0\u00bb background_position=\u00a0\u00bbtop_center\u00a0\u00bb custom_margin=\u00a0\u00bb|||\u00a0\u00bb custom_padding=\u00a0\u00bb0px||4.6%|||\u00a0\u00bb locked=\u00a0\u00bboff\u00a0\u00bb global_colors_info=\u00a0\u00bb{}\u00a0\u00bb][et_pb_row custom_padding_last_edited=\u00a0\u00bbon|tablet\u00a0\u00bb _builder_version=\u00a0\u00bb4.17.6&Prime; custom_padding=\u00a0\u00bb94px|||||\u00a0\u00bb custom_padding_tablet=\u00a0\u00bb38px||||false|false\u00a0\u00bb custom_padding_phone=\u00a0\u00bb38px||||false|false\u00a0\u00bb global_colors_info=\u00a0\u00bb{}\u00a0\u00bb][et_pb_column type=\u00a0\u00bb4_4&Prime; _builder_version=\u00a0\u00bb4.16&Prime; custom_padding=\u00a0\u00bb|||\u00a0\u00bb global_colors_info=\u00a0\u00bb{}\u00a0\u00bb custom_padding__hover=\u00a0\u00bb|||\u00a0\u00bb][et_pb_text _builder_version=\u00a0\u00bb4.17.6&Prime; _module_preset=\u00a0\u00bbdefault\u00a0\u00bb header_2_text_align=\u00a0\u00bbcenter\u00a0\u00bb header_2_font_size=\u00a0\u00bb40px\u00a0\u00bb header_2_line_height=\u00a0\u00bb50px\u00a0\u00bb global_colors_info=\u00a0\u00bb{}\u00a0\u00bb]<\/p>\n<h2>Contactez La Plazza \u00e0 Waremme pour toutes vos questions pr\u00e9s de Berloz<\/h2>\n<p>Nous sommes l\u00e0 pour r\u00e9pondre \u00e0 toutes vos questions ! Que vous ayez des interrogations sur nos produits, nos tarifs ou nos horaires d&rsquo;ouverture, n&rsquo;h\u00e9sitez pas \u00e0 nous contacter. Nous sommes disponibles au 0472\/11.34.53 pour discuter de nos d\u00e9licieuses pizzas, de nos plats de p\u00e2tes et autres boissons, ainsi que de nos options de livraison et de click &#038; collect. Contactez-nous d\u00e8s aujourd&rsquo;hui et laissez-nous vous offrir une assistance personnalis\u00e9e. Votre satisfaction est notre priorit\u00e9.[\/et_pb_text][et_pb_button button_url=\u00a0\u00bbhttps:\/\/shop.laplazza-waremme.be\/\u00a0\u00bb url_new_window=\u00a0\u00bbon\u00a0\u00bb button_text=\u00a0\u00bbCommande en ligne\u00a0\u00bb button_alignment=\u00a0\u00bbcenter\u00a0\u00bb _builder_version=\u00a0\u00bb4.17.6&Prime; custom_button=\u00a0\u00bbon\u00a0\u00bb button_text_size=\u00a0\u00bb16px\u00a0\u00bb button_text_color=\u00a0\u00bb#ffffff\u00a0\u00bb button_bg_color=\u00a0\u00bb#daa520&Prime; button_border_width=\u00a0\u00bb12px\u00a0\u00bb button_border_color=\u00a0\u00bb#daa520&Prime; button_border_radius=\u00a0\u00bb4px\u00a0\u00bb button_letter_spacing=\u00a0\u00bb0px\u00a0\u00bb button_font=\u00a0\u00bbCabin|700|||||||\u00a0\u00bb button_border_radius_hover=\u00a0\u00bb4px\u00a0\u00bb button_letter_spacing_hover=\u00a0\u00bb3px\u00a0\u00bb locked=\u00a0\u00bboff\u00a0\u00bb global_colors_info=\u00a0\u00bb{}\u00a0\u00bb button_text_size__hover_enabled=\u00a0\u00bboff\u00a0\u00bb button_one_text_size__hover_enabled=\u00a0\u00bboff\u00a0\u00bb button_two_text_size__hover_enabled=\u00a0\u00bboff\u00a0\u00bb button_text_color__hover_enabled=\u00a0\u00bboff\u00a0\u00bb button_one_text_color__hover_enabled=\u00a0\u00bboff\u00a0\u00bb button_two_text_color__hover_enabled=\u00a0\u00bboff\u00a0\u00bb button_border_width__hover_enabled=\u00a0\u00bboff\u00a0\u00bb button_one_border_width__hover_enabled=\u00a0\u00bboff\u00a0\u00bb button_two_border_width__hover_enabled=\u00a0\u00bboff\u00a0\u00bb button_border_color__hover_enabled=\u00a0\u00bboff\u00a0\u00bb button_one_border_color__hover_enabled=\u00a0\u00bboff\u00a0\u00bb button_two_border_color__hover_enabled=\u00a0\u00bboff\u00a0\u00bb button_border_radius__hover_enabled=\u00a0\u00bbon\u00a0\u00bb button_border_radius__hover=\u00a0\u00bb4px\u00a0\u00bb button_one_border_radius__hover_enabled=\u00a0\u00bboff\u00a0\u00bb button_two_border_radius__hover_enabled=\u00a0\u00bboff\u00a0\u00bb button_letter_spacing__hover_enabled=\u00a0\u00bbon|hover\u00a0\u00bb button_letter_spacing__hover=\u00a0\u00bb0px\u00a0\u00bb button_one_letter_spacing__hover_enabled=\u00a0\u00bboff\u00a0\u00bb button_two_letter_spacing__hover_enabled=\u00a0\u00bboff\u00a0\u00bb button_bg_color__hover_enabled=\u00a0\u00bboff\u00a0\u00bb button_one_bg_color__hover_enabled=\u00a0\u00bboff\u00a0\u00bb button_two_bg_color__hover_enabled=\u00a0\u00bboff\u00a0\u00bb][\/et_pb_button][\/et_pb_column][\/et_pb_row][\/et_pb_section][et_pb_section fb_built=\u00a0\u00bb1&Prime; _builder_version=\u00a0\u00bb4.17.6&Prime; _module_preset=\u00a0\u00bbdefault\u00a0\u00bb custom_padding=\u00a0\u00bb0px||0px|||\u00a0\u00bb global_colors_info=\u00a0\u00bb{}\u00a0\u00bb][et_pb_row _builder_version=\u00a0\u00bb4.17.6&Prime; _module_preset=\u00a0\u00bbdefault\u00a0\u00bb width=\u00a0\u00bb100%\u00a0\u00bb max_width=\u00a0\u00bb1920px\u00a0\u00bb custom_padding=\u00a0\u00bb0px||0px|||\u00a0\u00bb global_colors_info=\u00a0\u00bb{}\u00a0\u00bb][et_pb_column type=\u00a0\u00bb4_4&Prime; _builder_version=\u00a0\u00bb4.17.6&Prime; _module_preset=\u00a0\u00bbdefault\u00a0\u00bb global_colors_info=\u00a0\u00bb{}\u00a0\u00bb][et_pb_code _builder_version=\u00a0\u00bb4.17.6&Prime; _module_preset=\u00a0\u00bbdefault\u00a0\u00bb global_colors_info=\u00a0\u00bb{}\u00a0\u00bb]<iframe src=\"https:\/\/www.google.com\/maps\/embed?pb=!1m18!1m12!1m3!1d2527.3211076558955!2d5.249995276238756!3d50.695425471640036!2m3!1f0!2f0!3f0!3m2!1i1024!2i768!4f13.1!3m3!1m2!1s0x47c105267cba30c5%3A0x48e83b09f7bf574a!2sLa%20Plazza!5e0!3m2!1sfr!2sma!4v1691250711495!5m2!1sfr!2sma\" width=\"100%\" height=\"450\" style=\"border:0;\" allowfullscreen=\"\" loading=\"lazy\" referrerpolicy=\"no-referrer-when-downgrade\"><\/iframe>[\/et_pb_code][\/et_pb_column][\/et_pb_row][\/et_pb_section]<\/p>\n","protected":false},"excerpt":{"rendered":"<p>La Plazza vous propose des pizzas cuitesdans un four italien \u00e0 WaremmeUne s\u00e9lection de p\u00e2tes fra\u00eeches disponibles dans votre restaurant La Plazza pr\u00e8s de VerlaineCommandez d\u00e8s aujourd\u2019hui vos pizzas \u00e0 emporter ou en livraison \u00e0 La Plazza, votre pizzeria \u00e0 Berloz et alentours \u00a0La Plazza WaremmeVotre pizzeria de qualit\u00e9 en WallonieVotre pizza cuite dans un [&hellip;]<\/p>\n","protected":false},"author":2,"featured_media":0,"parent":0,"menu_order":0,"comment_status":"closed","ping_status":"closed","template":"","meta":{"_et_pb_use_builder":"on","_et_pb_old_content":"","_et_gb_content_width":"","footnotes":""},"class_list":["post-9","page","type-page","status-publish","hentry"],"yoast_head":"<!-- This site is optimized with the Yoast SEO plugin v26.3 - https:\/\/yoast.com\/wordpress\/plugins\/seo\/ -->\n<title>Pizzeria La Plazza Waremme - Commandez en ligne (Click &amp; Collect)<\/title>\n<meta name=\"description\" content=\"Savourez les meilleures pizzas de Waremme chez La Plazza. Commandez en ligne et r\u00e9cup\u00e9rez rapidement sur place gr\u00e2ce \u00e0 notre service Click &amp; Collect.\" \/>\n<meta name=\"robots\" content=\"index, follow, max-snippet:-1, max-image-preview:large, max-video-preview:-1\" \/>\n<link rel=\"canonical\" href=\"https:\/\/laplazza-waremme.be\/\" \/>\n<meta property=\"og:locale\" content=\"fr_FR\" \/>\n<meta property=\"og:type\" content=\"article\" \/>\n<meta property=\"og:title\" content=\"Pizzeria La Plazza Waremme - Commandez en ligne (Click &amp; Collect)\" \/>\n<meta property=\"og:description\" content=\"Savourez les meilleures pizzas de Waremme chez La Plazza. Commandez en ligne et r\u00e9cup\u00e9rez rapidement sur place gr\u00e2ce \u00e0 notre service Click &amp; Collect.\" \/>\n<meta property=\"og:url\" content=\"https:\/\/laplazza-waremme.be\/\" \/>\n<meta property=\"og:site_name\" content=\"La Plazza Waremme\" \/>\n<meta property=\"article:modified_time\" content=\"2023-08-18T09:04:59+00:00\" \/>\n<meta property=\"og:image\" content=\"https:\/\/laplazza-waremme.be\/wp-content\/uploads\/2023\/08\/logo-laplazza-waremme.png\" \/>\n\t<meta property=\"og:image:width\" content=\"500\" \/>\n\t<meta property=\"og:image:height\" content=\"500\" \/>\n\t<meta property=\"og:image:type\" content=\"image\/png\" \/>\n<meta name=\"twitter:card\" content=\"summary_large_image\" \/>\n<meta name=\"twitter:label1\" content=\"Dur\u00e9e de lecture estim\u00e9e\" \/>\n\t<meta name=\"twitter:data1\" content=\"10 minutes\" \/>\n<script type=\"application\/ld+json\" class=\"yoast-schema-graph\">{\"@context\":\"https:\/\/schema.org\",\"@graph\":[{\"@type\":\"WebPage\",\"@id\":\"https:\/\/laplazza-waremme.be\/\",\"url\":\"https:\/\/laplazza-waremme.be\/\",\"name\":\"Pizzeria La Plazza Waremme - Commandez en ligne (Click & Collect)\",\"isPartOf\":{\"@id\":\"https:\/\/laplazza-waremme.be\/#website\"},\"datePublished\":\"2023-08-04T18:18:45+00:00\",\"dateModified\":\"2023-08-18T09:04:59+00:00\",\"description\":\"Savourez les meilleures pizzas de Waremme chez La Plazza. Commandez en ligne et r\u00e9cup\u00e9rez rapidement sur place gr\u00e2ce \u00e0 notre service Click & Collect.\",\"breadcrumb\":{\"@id\":\"https:\/\/laplazza-waremme.be\/#breadcrumb\"},\"inLanguage\":\"fr-FR\",\"potentialAction\":[{\"@type\":\"ReadAction\",\"target\":[\"https:\/\/laplazza-waremme.be\/\"]}]},{\"@type\":\"BreadcrumbList\",\"@id\":\"https:\/\/laplazza-waremme.be\/#breadcrumb\",\"itemListElement\":[{\"@type\":\"ListItem\",\"position\":1,\"name\":\"Accueil\",\"item\":\"https:\/\/laplazza-waremme.be\/\"},{\"@type\":\"ListItem\",\"position\":2,\"name\":\"Accueil\"}]},{\"@type\":\"WebSite\",\"@id\":\"https:\/\/laplazza-waremme.be\/#website\",\"url\":\"https:\/\/laplazza-waremme.be\/\",\"name\":\"La Plazza Waremme\",\"description\":\"\",\"publisher\":{\"@id\":\"https:\/\/laplazza-waremme.be\/#organization\"},\"potentialAction\":[{\"@type\":\"SearchAction\",\"target\":{\"@type\":\"EntryPoint\",\"urlTemplate\":\"https:\/\/laplazza-waremme.be\/?s={search_term_string}\"},\"query-input\":{\"@type\":\"PropertyValueSpecification\",\"valueRequired\":true,\"valueName\":\"search_term_string\"}}],\"inLanguage\":\"fr-FR\"},{\"@type\":\"Organization\",\"@id\":\"https:\/\/laplazza-waremme.be\/#organization\",\"name\":\"La Plazza Waremme\",\"url\":\"https:\/\/laplazza-waremme.be\/\",\"logo\":{\"@type\":\"ImageObject\",\"inLanguage\":\"fr-FR\",\"@id\":\"https:\/\/laplazza-waremme.be\/#\/schema\/logo\/image\/\",\"url\":\"https:\/\/laplazza-waremme.be\/wp-content\/uploads\/2023\/08\/logo-laplazza-waremme.png\",\"contentUrl\":\"https:\/\/laplazza-waremme.be\/wp-content\/uploads\/2023\/08\/logo-laplazza-waremme.png\",\"width\":500,\"height\":500,\"caption\":\"La Plazza Waremme\"},\"image\":{\"@id\":\"https:\/\/laplazza-waremme.be\/#\/schema\/logo\/image\/\"}}]}<\/script>\n<!-- \/ Yoast SEO plugin. -->","yoast_head_json":{"title":"Pizzeria La Plazza Waremme - Commandez en ligne (Click & Collect)","description":"Savourez les meilleures pizzas de Waremme chez La Plazza. Commandez en ligne et r\u00e9cup\u00e9rez rapidement sur place gr\u00e2ce \u00e0 notre service Click & Collect.","robots":{"index":"index","follow":"follow","max-snippet":"max-snippet:-1","max-image-preview":"max-image-preview:large","max-video-preview":"max-video-preview:-1"},"canonical":"https:\/\/laplazza-waremme.be\/","og_locale":"fr_FR","og_type":"article","og_title":"Pizzeria La Plazza Waremme - Commandez en ligne (Click & Collect)","og_description":"Savourez les meilleures pizzas de Waremme chez La Plazza. Commandez en ligne et r\u00e9cup\u00e9rez rapidement sur place gr\u00e2ce \u00e0 notre service Click & Collect.","og_url":"https:\/\/laplazza-waremme.be\/","og_site_name":"La Plazza Waremme","article_modified_time":"2023-08-18T09:04:59+00:00","og_image":[{"width":500,"height":500,"url":"https:\/\/laplazza-waremme.be\/wp-content\/uploads\/2023\/08\/logo-laplazza-waremme.png","type":"image\/png"}],"twitter_card":"summary_large_image","twitter_misc":{"Dur\u00e9e de lecture estim\u00e9e":"10 minutes"},"schema":{"@context":"https:\/\/schema.org","@graph":[{"@type":"WebPage","@id":"https:\/\/laplazza-waremme.be\/","url":"https:\/\/laplazza-waremme.be\/","name":"Pizzeria La Plazza Waremme - Commandez en ligne (Click & Collect)","isPartOf":{"@id":"https:\/\/laplazza-waremme.be\/#website"},"datePublished":"2023-08-04T18:18:45+00:00","dateModified":"2023-08-18T09:04:59+00:00","description":"Savourez les meilleures pizzas de Waremme chez La Plazza. Commandez en ligne et r\u00e9cup\u00e9rez rapidement sur place gr\u00e2ce \u00e0 notre service Click & Collect.","breadcrumb":{"@id":"https:\/\/laplazza-waremme.be\/#breadcrumb"},"inLanguage":"fr-FR","potentialAction":[{"@type":"ReadAction","target":["https:\/\/laplazza-waremme.be\/"]}]},{"@type":"BreadcrumbList","@id":"https:\/\/laplazza-waremme.be\/#breadcrumb","itemListElement":[{"@type":"ListItem","position":1,"name":"Accueil","item":"https:\/\/laplazza-waremme.be\/"},{"@type":"ListItem","position":2,"name":"Accueil"}]},{"@type":"WebSite","@id":"https:\/\/laplazza-waremme.be\/#website","url":"https:\/\/laplazza-waremme.be\/","name":"La Plazza Waremme","description":"","publisher":{"@id":"https:\/\/laplazza-waremme.be\/#organization"},"potentialAction":[{"@type":"SearchAction","target":{"@type":"EntryPoint","urlTemplate":"https:\/\/laplazza-waremme.be\/?s={search_term_string}"},"query-input":{"@type":"PropertyValueSpecification","valueRequired":true,"valueName":"search_term_string"}}],"inLanguage":"fr-FR"},{"@type":"Organization","@id":"https:\/\/laplazza-waremme.be\/#organization","name":"La Plazza Waremme","url":"https:\/\/laplazza-waremme.be\/","logo":{"@type":"ImageObject","inLanguage":"fr-FR","@id":"https:\/\/laplazza-waremme.be\/#\/schema\/logo\/image\/","url":"https:\/\/laplazza-waremme.be\/wp-content\/uploads\/2023\/08\/logo-laplazza-waremme.png","contentUrl":"https:\/\/laplazza-waremme.be\/wp-content\/uploads\/2023\/08\/logo-laplazza-waremme.png","width":500,"height":500,"caption":"La Plazza Waremme"},"image":{"@id":"https:\/\/laplazza-waremme.be\/#\/schema\/logo\/image\/"}}]}},"_links":{"self":[{"href":"https:\/\/laplazza-waremme.be\/index.php\/wp-json\/wp\/v2\/pages\/9","targetHints":{"allow":["GET"]}}],"collection":[{"href":"https:\/\/laplazza-waremme.be\/index.php\/wp-json\/wp\/v2\/pages"}],"about":[{"href":"https:\/\/laplazza-waremme.be\/index.php\/wp-json\/wp\/v2\/types\/page"}],"author":[{"embeddable":true,"href":"https:\/\/laplazza-waremme.be\/index.php\/wp-json\/wp\/v2\/users\/2"}],"replies":[{"embeddable":true,"href":"https:\/\/laplazza-waremme.be\/index.php\/wp-json\/wp\/v2\/comments?post=9"}],"version-history":[{"count":53,"href":"https:\/\/laplazza-waremme.be\/index.php\/wp-json\/wp\/v2\/pages\/9\/revisions"}],"predecessor-version":[{"id":190,"href":"https:\/\/laplazza-waremme.be\/index.php\/wp-json\/wp\/v2\/pages\/9\/revisions\/190"}],"wp:attachment":[{"href":"https:\/\/laplazza-waremme.be\/index.php\/wp-json\/wp\/v2\/media?parent=9"}],"curies":[{"name":"wp","href":"https:\/\/api.w.org\/{rel}","templated":true}]}}